{"id":9024,"date":"2021-04-26T10:23:01","date_gmt":"2021-04-26T13:23:01","guid":{"rendered":"https:\/\/anacecilia.digital\/en\/?page_id=9024"},"modified":"2026-03-03T08:52:31","modified_gmt":"2026-03-03T11:52:31","slug":"author","status":"publish","type":"page","link":"https:\/\/anacecilia.digital\/en\/author\/","title":{"rendered":"About Ana"},"content":{"rendered":"<section class=\"l-section wpb_row height_small\"><div class=\"l-section-h i-cf\"><div class=\"g-cols vc_row via_grid cols_1 laptops-cols_inherit tablets-cols_inherit mobiles-cols_1 valign_top type_default stacking_default\"><div class=\"wpb_column vc_column_container\"><div class=\"vc_column-inner\"><div class=\"g-cols wpb_row via_grid cols_5 laptops-cols_inherit tablets-cols_inherit mobiles-cols_1 valign_top type_default stacking_default\" style=\"--columns-gap:3rem;\"><div class=\"wpb_column vc_column_container\"><div class=\"vc_column-inner\"><div class=\"w-separator size_medium\"><\/div><\/div><\/div><div class=\"wpb_column vc_column_container\"><div class=\"vc_column-inner\"><div class=\"w-separator size_medium\"><\/div><\/div><\/div><div class=\"wpb_column vc_column_container\"><div class=\"vc_column-inner\"><div class=\"w-person layout_circle\" itemscope itemtype=\"https:\/\/schema.org\/Person\"><div class=\"w-person-image\"><img loading=\"lazy\" decoding=\"async\" width=\"150\" height=\"150\" src=\"https:\/\/anacecilia.digital\/en\/wp-content\/uploads\/2019\/08\/ana-cecilia-rocha-veiga-picture-150x150.webp\" class=\"attachment-thumbnail size-thumbnail\" alt=\"Photo of Ana smiling. Ana is a middle-aged white woman with large brown eyes and shoulder-length, wavy, blonde-streaked hair.\" itemprop=\"image\" srcset=\"https:\/\/anacecilia.digital\/en\/wp-content\/uploads\/2019\/08\/ana-cecilia-rocha-veiga-picture-150x150.webp 150w, https:\/\/anacecilia.digital\/en\/wp-content\/uploads\/2019\/08\/ana-cecilia-rocha-veiga-picture-300x300.webp 300w, https:\/\/anacecilia.digital\/en\/wp-content\/uploads\/2019\/08\/ana-cecilia-rocha-veiga-picture.webp 320w\" sizes=\"auto, (max-width: 150px) 100vw, 150px\" \/><\/div><div class=\"w-person-content\"><\/div><\/div><\/div><\/div><div class=\"wpb_column vc_column_container\"><div class=\"vc_column-inner\"><\/div><\/div><div class=\"wpb_column vc_column_container\"><div class=\"vc_column-inner\"><\/div><\/div><\/div><div class=\"g-cols wpb_row via_grid cols_1 laptops-cols_inherit tablets-cols_inherit mobiles-cols_1 valign_top type_default stacking_default\" style=\"--columns-gap:3rem;\"><div class=\"wpb_column vc_column_container\"><div class=\"vc_column-inner\"><div class=\"w-separator size_small\"><\/div><div class=\"wpb_text_column us_custom_e2aee182\"><div class=\"wpb_wrapper\"><h3 style=\"text-align: center;\">Ana Cecilia Rocha Veiga<\/h3>\n<\/div><\/div><div class=\"w-separator size_medium\"><\/div><div class=\"wpb_text_column us_custom_e2aee182\"><div class=\"wpb_wrapper\"><p>Hi, my name is Ana. Welcome to my blog!<\/p>\n<p>I am Brazilian and live in Belo Horizonte, Minas Gerais state.<\/p>\n<p><span data-preserver-spaces=\"true\">I\u2019m an associate professor at UFMG (<\/span><a class=\"editor-rtfLink\" href=\"https:\/\/anacecilia.digital\/en\/federal-university-of-minas-gerais\/\" target=\"_blank\" rel=\"noopener\"><span data-preserver-spaces=\"true\">Federal University of Minas Gerais<\/span><\/a><span data-preserver-spaces=\"true\">). UFMG is a public, free-of-charge institution, ranked among the top universities in Brazil and among the best in Latin America.<\/span><\/p>\n<p>I have a degree in Architecture and Urban Planning (UFMG, 2001), a Specialisation in Technology and Construction Productivity (UFMG, 2002), a Specialisation in High Abilities\/Giftedness (in progress), and a PhD in Art and Image Technology (Fine Arts School, UFMG, 2012).<\/p>\n<p>I began my teaching career in 2004. As a temporary professor, I was part of the Department of Critical and Historical Analysis of Architecture and Urban Planning at UFMG.<\/p>\n<p>In 2006, I tenured at 27 years old with only a master\u2019s degree. For over a decade, I taught at the Technology Department of the School of Architecture, Urban Planning, and Design at UFMG. I also taught at the School of Engineering at the same university. There, I was an honoured professor at two engineering graduation ceremonies.<\/p>\n<p>During that time, I did pioneering research on high-technology management processes, including Building Information Modelling (BIM), virtual reality, and laser scanning applied to cultural heritage complexes.<\/p>\n<p><span data-preserver-spaces=\"true\">In 2017, I decided to transfer to the School of Information Science at UFMG, where the Museums Studies course is held. There, I develop projects and research in museum management, collection management, cultural heritage management, inclusive management, digital accessibility, Information and Communication Technologies (ICT), artificial intelligence, digital humanities, neurodiversity in museums and the arts, and high abilities\/giftedness. My research featured on the biggest press vehicles in Brazil.<\/span><\/p>\n<p><span data-preserver-spaces=\"true\">I served as director and vice-director of the School of Architecture Museum at UFMG (MARQ) and as its representative in the UFMG Museum Network.\u00a0<\/span><span data-preserver-spaces=\"true\">I\u2019m the founder and coordinator of the <a class=\"editor-rtfLink\" href=\"https:\/\/webmuseu.org\/\" target=\"_blank\" rel=\"noopener\">Webmuseu<\/a> Portal and\u00a0<a class=\"editor-rtfLink\" href=\"https:\/\/webmuseu.org\/lavmuseu\/\" target=\"_blank\" rel=\"noopener\">LavMUSEU<\/a> virtual lab at UFMG. <\/span><\/p>\n<p>I participated in feedback activities for the development of the <a href=\"https:\/\/collectionstrust.org.uk\/resource\/toolkit-for-managing-digital-collections\/\" target=\"_blank\" rel=\"noopener\">Toolkit for Managing Digital Collections<\/a> (released in 2023), a Spectrum-related resource, Collections Trust. <span class=\"HwtZe\" jsname=\"jqKxS\" jsaction=\"mouseup:Sxi9L,BR6jm; mousedown:qjlr0e\" lang=\"en\"><span jsname=\"txFAF\" class=\"jCAhz ChMk0b\" jsaction=\"agoMJf:PFBcW;MZfLnc:P7O7bd;nt4Alf:pvnm0e,pfE8Hb,PFBcW;B01qod:dJXsye;H1e5u:iXtTIf;lYIUJf:hij5Wb;tSpjdb:qAKMYb\" jscontroller=\"BiTO4b\"><span class=\"ryNqvb\" jsname=\"W297wb\" jsaction=\"click:PDNqTc,GFf3ac,qlVvte;contextmenu:Nqw7Te,QP7LD; mouseout:Nqw7Te; mouseover:PDNqTc,c2aHje\">UFMG was the only institution represented from Latin America at the workshops.<\/span><\/span><\/span> Spectrum is the UK standard, considered the leading international reference for collection management and adopted by museums worldwide.<\/p>\n<p>I am a former member of the Advisory and Evaluation Committee for Humanities, Social Sciences and Education Projects of FAPEMIG, responsible for granting the areas of museums and arts (2025). FAPEMIG is one of the most important research funding agencies in Brazil.<\/p>\n<p><span data-preserver-spaces=\"true\">My book, <\/span><a class=\"editor-rtfLink\" href=\"https:\/\/www.amazon.com\/Gestao-Projetos-Museus-Exposicoes-Cec%C3%ADlia\/dp\/8576541629\/ref=sr_1_1?crid=1PHTASUR8PMTY&amp;keywords=gest%C3%A3o+de+projetos+de+museus+e+exposi%C3%A7%C3%B5es&amp;qid=1640098232&amp;sprefix=gest%C3%A3o+de+projetos+de+museus+e+exposi%C3%A7%C3%B5e%2Caps%2C361&amp;sr=8-1\" target=\"_blank\" rel=\"noopener\"><span data-preserver-spaces=\"true\">Management of Museum and Exhibition Projects<\/span><\/a><span data-preserver-spaces=\"true\">, sold out its first edition and has been reprinted since then. It received funding from the FAPEMIG, a peer-reviewed publishing grant. It is adopted as a reference by civil service job exams (tenured positions), museum strategic plans, and both undergraduate and postgraduate courses.<\/span><\/p>\n<p><span data-preserver-spaces=\"true\">I also co-authored six other books with influential publishers, including ANTAC (the most relevant construction technology association in Brazil).<\/span><\/p>\n<p><span data-preserver-spaces=\"true\">A highlight for the chapter on the award-winning project Pedras Sabidas (<\/span><a class=\"editor-rtfLink\" href=\"https:\/\/webmuseu.org\/mmgerdau-wise-stones\/\" target=\"_blank\" rel=\"noopener\"><span data-preserver-spaces=\"true\">Wise Stones<\/span><\/a><span data-preserver-spaces=\"true\">), published by the Smithsonian Institution, the world\u2019s largest museum, education, and research complex. It was an international selection of best practices in inclusive digital interactivity, resulting in a <\/span><a class=\"editor-rtfLink\" href=\"https:\/\/anacecilia.digital\/en\/wp-content\/uploads\/2021\/04\/inclusive_digital_interactives_book.pdf\" target=\"_blank\" rel=\"noopener\"><span data-preserver-spaces=\"true\">book edited by Access Smithsonian<\/span><\/a><span data-preserver-spaces=\"true\">.<\/span><\/p>\n<p>I\u2019ve been married for 20 years to my beloved husband, Alberto Nogueira Veiga, a specialist in cardiology and family medicine. I share with him the joy and the challenges of raising two children: a girl born in 2017 and a boy born in 2014. The blog on this platform is a legacy of ideas for them.<\/p>\n<p>I believe in a secular and democratic State focused on social wealth, basic universal income, quota policies, public and free-of-charge education and healthcare, equality between men and women, legal guarantee for personal choices regarding reproductive rights, legal and social inclusion of minority groups, and tolerance of differences.<\/p>\n<p>As a neurodivergent person, I also believe in a productivity culture that prioritises quality of life and neurodiversity.<\/p>\n<p>I am a progressive evangelical who considers faith and science to be fully compatible. I work against misinformation and fundamentalism in the Brazilian Christian context. As the apostle Paul announced, faith, hope, and love abide, these three; but the greatest of these is love.<\/p>\n<p><a href=\"https:\/\/anacecilia.digital\/en\/gallery\/\">My photo gallery.<\/a><\/p>\n<\/div><\/div><div class=\"w-separator size_large\"><\/div><div class=\"w-image align_center\"><div class=\"w-image-h\"><img decoding=\"async\" width=\"1200\" height=\"458\" src=\"https:\/\/anacecilia.digital\/en\/wp-content\/uploads\/2024\/05\/tropical-jaguar.webp\" class=\"attachment-full size-full\" alt=\"\" loading=\"lazy\" srcset=\"https:\/\/anacecilia.digital\/en\/wp-content\/uploads\/2024\/05\/tropical-jaguar.webp 1200w, https:\/\/anacecilia.digital\/en\/wp-content\/uploads\/2024\/05\/tropical-jaguar-600x229.webp 600w, https:\/\/anacecilia.digital\/en\/wp-content\/uploads\/2024\/05\/tropical-jaguar-300x115.webp 300w, https:\/\/anacecilia.digital\/en\/wp-content\/uploads\/2024\/05\/tropical-jaguar-1024x391.webp 1024w\" sizes=\"auto, (max-width: 1200px) 100vw, 1200px\" \/><\/div><\/div><div class=\"w-separator size_small\"><\/div><\/div><\/div><\/div><\/div><\/div><\/div><\/div><\/section><section class=\"l-section wpb_row us_custom_26801fa0 height_small\"><div class=\"l-section-h i-cf\"><div class=\"g-cols vc_row via_grid cols_custom laptops-cols_inherit tablets-cols_inherit mobiles-cols_1 valign_top type_default stacking_default\" style=\"--custom-columns:1fr 2fr 2fr 1fr \"><div class=\"wpb_column vc_column_container\"><div class=\"vc_column-inner\"><\/div><\/div><div class=\"wpb_column vc_column_container\"><div class=\"vc_column-inner\"><div class=\"w-separator size_small\"><\/div><div class=\"w-image align_left\"><div class=\"w-image-h\"><img decoding=\"async\" width=\"1024\" height=\"602\" src=\"https:\/\/anacecilia.digital\/en\/wp-content\/uploads\/2024\/03\/newsletter-1024x602.webp\" class=\"attachment-large size-large\" alt=\"Newsletter\" loading=\"lazy\" srcset=\"https:\/\/anacecilia.digital\/en\/wp-content\/uploads\/2024\/03\/newsletter-1024x602.webp 1024w, https:\/\/anacecilia.digital\/en\/wp-content\/uploads\/2024\/03\/newsletter-600x353.webp 600w, https:\/\/anacecilia.digital\/en\/wp-content\/uploads\/2024\/03\/newsletter-300x176.webp 300w, https:\/\/anacecilia.digital\/en\/wp-content\/uploads\/2024\/03\/newsletter.webp 1080w\" sizes=\"auto, (max-width: 1024px) 100vw, 1024px\" \/><\/div><\/div><\/div><\/div><div class=\"wpb_column vc_column_container\"><div class=\"vc_column-inner\"><div class=\"w-html\"><iframe loading=\"lazy\" width=\"540\" height=\"285\" src=\"https:\/\/1a9ceba6.sibforms.com\/serve\/MUIFAE2soG8VcKhOZiqtorm5Hh5VHl3gO9rp6Db8Yz1KN5mvtL6UeS0fBhrkCNqoyIjPBd7cRCVGzWDKndneLaNWmODJW6eMSp2EdaE57yO8223Jej4L8dlxvEJBtVAA6P7Hx_X2y5qA0Cm70Xm963e2Jo22w2rf88OFuDvHo7jJ48CKXG2B1IdehMuCSP768qWdokHEdyK_OVUb\" frameborder=\"0\" scrolling=\"auto\" allowfullscreen style=\"display: block;margin-left: auto;margin-right: auto;max-width: 100%;\"><\/iframe><\/div><\/div><\/div><div class=\"wpb_column vc_column_container\"><div class=\"vc_column-inner\"><\/div><\/div><\/div><\/div><\/section>\n","protected":false},"excerpt":{"rendered":"Ana Cecilia Rocha Veiga Hi, my name is Ana. Welcome to my blog! I am Brazilian and live in Belo Horizonte, Minas Gerais state. I\u2019m an associate professor at UFMG (Federal University of Minas Gerais). UFMG is a public, free-of-charge institution, ranked among the top universities in Brazil and among the best in Latin America....","protected":false},"author":1,"featured_media":13054,"parent":0,"menu_order":8,"comment_status":"closed","ping_status":"open","template":"","meta":{"_acf_changed":false,"footnotes":""},"class_list":["post-9024","page","type-page","status-publish","has-post-thumbnail","hentry"],"acf":[],"yoast_head":"<!-- This site is optimized with the Yoast SEO plugin v27.5 - https:\/\/yoast.com\/product\/yoast-seo-wordpress\/ -->\n<title>About Ana - Tropical Philosophy<\/title>\n<meta name=\"description\" content=\"Ana Cec\u00edlia Rocha Veiga \u00e9 professora da UFMG, casada com o m\u00e9dico Alberto e m\u00e3e de um casalzinho de filhos. Neste blog, compartilha sua jornada profissional, pessoal e sua busca por produtividade com qualidade de vida.\" \/>\n<meta name=\"robots\" content=\"index, follow, max-snippet:-1, max-image-preview:large, max-video-preview:-1\" \/>\n<link rel=\"canonical\" href=\"https:\/\/anacecilia.digital\/en\/author\/\" \/>\n<meta property=\"og:locale\" content=\"en_GB\" \/>\n<meta property=\"og:type\" content=\"article\" \/>\n<meta property=\"og:title\" content=\"About Ana - Tropical Philosophy\" \/>\n<meta property=\"og:description\" content=\"Ana Cec\u00edlia Rocha Veiga \u00e9 professora da UFMG, casada com o m\u00e9dico Alberto e m\u00e3e de um casalzinho de filhos. Neste blog, compartilha sua jornada profissional, pessoal e sua busca por produtividade com qualidade de vida.\" \/>\n<meta property=\"og:url\" content=\"https:\/\/anacecilia.digital\/en\/author\/\" \/>\n<meta property=\"og:site_name\" content=\"Tropical Philosophy\" \/>\n<meta property=\"article:modified_time\" content=\"2026-03-03T11:52:31+00:00\" \/>\n<meta property=\"og:image\" content=\"https:\/\/anacecilia.digital\/en\/wp-content\/uploads\/2024\/03\/tropical-productivity-blog-image.webp\" \/>\n\t<meta property=\"og:image:width\" content=\"800\" \/>\n\t<meta property=\"og:image:height\" content=\"533\" \/>\n\t<meta property=\"og:image:type\" content=\"image\/webp\" \/>\n<meta name=\"twitter:card\" content=\"summary_large_image\" \/>\n<meta name=\"twitter:label1\" content=\"Estimated reading time\" \/>\n\t<meta name=\"twitter:data1\" content=\"4 minutes\" \/>\n<script type=\"application\/ld+json\" class=\"yoast-schema-graph\">{\"@context\":\"https:\\\/\\\/schema.org\",\"@graph\":[{\"@type\":\"WebPage\",\"@id\":\"https:\\\/\\\/anacecilia.digital\\\/en\\\/author\\\/\",\"url\":\"https:\\\/\\\/anacecilia.digital\\\/en\\\/author\\\/\",\"name\":\"About Ana - Tropical Philosophy\",\"isPartOf\":{\"@id\":\"https:\\\/\\\/anacecilia.digital\\\/en\\\/#website\"},\"primaryImageOfPage\":{\"@id\":\"https:\\\/\\\/anacecilia.digital\\\/en\\\/author\\\/#primaryimage\"},\"image\":{\"@id\":\"https:\\\/\\\/anacecilia.digital\\\/en\\\/author\\\/#primaryimage\"},\"thumbnailUrl\":\"https:\\\/\\\/anacecilia.digital\\\/en\\\/wp-content\\\/uploads\\\/2024\\\/03\\\/tropical-productivity-blog-image.webp\",\"datePublished\":\"2021-04-26T13:23:01+00:00\",\"dateModified\":\"2026-03-03T11:52:31+00:00\",\"description\":\"Ana Cec\u00edlia Rocha Veiga \u00e9 professora da UFMG, casada com o m\u00e9dico Alberto e m\u00e3e de um casalzinho de filhos. Neste blog, compartilha sua jornada profissional, pessoal e sua busca por produtividade com qualidade de vida.\",\"breadcrumb\":{\"@id\":\"https:\\\/\\\/anacecilia.digital\\\/en\\\/author\\\/#breadcrumb\"},\"inLanguage\":\"en-GB\",\"potentialAction\":[{\"@type\":\"ReadAction\",\"target\":[\"https:\\\/\\\/anacecilia.digital\\\/en\\\/author\\\/\"]}]},{\"@type\":\"ImageObject\",\"inLanguage\":\"en-GB\",\"@id\":\"https:\\\/\\\/anacecilia.digital\\\/en\\\/author\\\/#primaryimage\",\"url\":\"https:\\\/\\\/anacecilia.digital\\\/en\\\/wp-content\\\/uploads\\\/2024\\\/03\\\/tropical-productivity-blog-image.webp\",\"contentUrl\":\"https:\\\/\\\/anacecilia.digital\\\/en\\\/wp-content\\\/uploads\\\/2024\\\/03\\\/tropical-productivity-blog-image.webp\",\"width\":800,\"height\":533,\"caption\":\"Tropical Productivity\"},{\"@type\":\"BreadcrumbList\",\"@id\":\"https:\\\/\\\/anacecilia.digital\\\/en\\\/author\\\/#breadcrumb\",\"itemListElement\":[{\"@type\":\"ListItem\",\"position\":1,\"name\":\"In\u00edcio\",\"item\":\"https:\\\/\\\/anacecilia.digital\\\/en\\\/\"},{\"@type\":\"ListItem\",\"position\":2,\"name\":\"About Ana\"}]},{\"@type\":\"WebSite\",\"@id\":\"https:\\\/\\\/anacecilia.digital\\\/en\\\/#website\",\"url\":\"https:\\\/\\\/anacecilia.digital\\\/en\\\/\",\"name\":\"Tropical Philosophy\",\"description\":\"A Brazilian blog by Ana Cecilia Rocha Veiga\",\"publisher\":{\"@id\":\"https:\\\/\\\/anacecilia.digital\\\/en\\\/#\\\/schema\\\/person\\\/259742b7a62344d06be93e199436eabe\"},\"potentialAction\":[{\"@type\":\"SearchAction\",\"target\":{\"@type\":\"EntryPoint\",\"urlTemplate\":\"https:\\\/\\\/anacecilia.digital\\\/en\\\/?s={search_term_string}\"},\"query-input\":{\"@type\":\"PropertyValueSpecification\",\"valueRequired\":true,\"valueName\":\"search_term_string\"}}],\"inLanguage\":\"en-GB\"},{\"@type\":[\"Person\",\"Organization\"],\"@id\":\"https:\\\/\\\/anacecilia.digital\\\/en\\\/#\\\/schema\\\/person\\\/259742b7a62344d06be93e199436eabe\",\"name\":\"Ana Cecilia Rocha Veiga\",\"image\":{\"@type\":\"ImageObject\",\"inLanguage\":\"en-GB\",\"@id\":\"https:\\\/\\\/anacecilia.digital\\\/en\\\/wp-content\\\/uploads\\\/2021\\\/04\\\/ana-cecilia-rocha-veiga-mmgerdau1.jpg\",\"url\":\"https:\\\/\\\/anacecilia.digital\\\/en\\\/wp-content\\\/uploads\\\/2021\\\/04\\\/ana-cecilia-rocha-veiga-mmgerdau1.jpg\",\"contentUrl\":\"https:\\\/\\\/anacecilia.digital\\\/en\\\/wp-content\\\/uploads\\\/2021\\\/04\\\/ana-cecilia-rocha-veiga-mmgerdau1.jpg\",\"width\":645,\"height\":900,\"caption\":\"Ana Cecilia Rocha Veiga\"},\"logo\":{\"@id\":\"https:\\\/\\\/anacecilia.digital\\\/en\\\/wp-content\\\/uploads\\\/2021\\\/04\\\/ana-cecilia-rocha-veiga-mmgerdau1.jpg\"},\"description\":\"Ana Cecilia is a professor at UFMG University in Brazil. She researches inclusive management and ICT for museums, libraries, and archives. Ana lives in Belo Horizonte with her husband, Alberto, and their two children. She loves reading, drawing, hiking, and travelling.\",\"sameAs\":[\"https:\\\/\\\/anacecilia.digital\\\/en\\\/\"]}]}<\/script>\n<!-- \/ Yoast SEO plugin. -->","yoast_head_json":{"title":"About Ana - Tropical Philosophy","description":"Ana Cec\u00edlia Rocha Veiga \u00e9 professora da UFMG, casada com o m\u00e9dico Alberto e m\u00e3e de um casalzinho de filhos. Neste blog, compartilha sua jornada profissional, pessoal e sua busca por produtividade com qualidade de vida.","robots":{"index":"index","follow":"follow","max-snippet":"max-snippet:-1","max-image-preview":"max-image-preview:large","max-video-preview":"max-video-preview:-1"},"canonical":"https:\/\/anacecilia.digital\/en\/author\/","og_locale":"en_GB","og_type":"article","og_title":"About Ana - Tropical Philosophy","og_description":"Ana Cec\u00edlia Rocha Veiga \u00e9 professora da UFMG, casada com o m\u00e9dico Alberto e m\u00e3e de um casalzinho de filhos. Neste blog, compartilha sua jornada profissional, pessoal e sua busca por produtividade com qualidade de vida.","og_url":"https:\/\/anacecilia.digital\/en\/author\/","og_site_name":"Tropical Philosophy","article_modified_time":"2026-03-03T11:52:31+00:00","og_image":[{"width":800,"height":533,"url":"https:\/\/anacecilia.digital\/en\/wp-content\/uploads\/2024\/03\/tropical-productivity-blog-image.webp","type":"image\/webp"}],"twitter_card":"summary_large_image","twitter_misc":{"Estimated reading time":"4 minutes"},"schema":{"@context":"https:\/\/schema.org","@graph":[{"@type":"WebPage","@id":"https:\/\/anacecilia.digital\/en\/author\/","url":"https:\/\/anacecilia.digital\/en\/author\/","name":"About Ana - Tropical Philosophy","isPartOf":{"@id":"https:\/\/anacecilia.digital\/en\/#website"},"primaryImageOfPage":{"@id":"https:\/\/anacecilia.digital\/en\/author\/#primaryimage"},"image":{"@id":"https:\/\/anacecilia.digital\/en\/author\/#primaryimage"},"thumbnailUrl":"https:\/\/anacecilia.digital\/en\/wp-content\/uploads\/2024\/03\/tropical-productivity-blog-image.webp","datePublished":"2021-04-26T13:23:01+00:00","dateModified":"2026-03-03T11:52:31+00:00","description":"Ana Cec\u00edlia Rocha Veiga \u00e9 professora da UFMG, casada com o m\u00e9dico Alberto e m\u00e3e de um casalzinho de filhos. Neste blog, compartilha sua jornada profissional, pessoal e sua busca por produtividade com qualidade de vida.","breadcrumb":{"@id":"https:\/\/anacecilia.digital\/en\/author\/#breadcrumb"},"inLanguage":"en-GB","potentialAction":[{"@type":"ReadAction","target":["https:\/\/anacecilia.digital\/en\/author\/"]}]},{"@type":"ImageObject","inLanguage":"en-GB","@id":"https:\/\/anacecilia.digital\/en\/author\/#primaryimage","url":"https:\/\/anacecilia.digital\/en\/wp-content\/uploads\/2024\/03\/tropical-productivity-blog-image.webp","contentUrl":"https:\/\/anacecilia.digital\/en\/wp-content\/uploads\/2024\/03\/tropical-productivity-blog-image.webp","width":800,"height":533,"caption":"Tropical Productivity"},{"@type":"BreadcrumbList","@id":"https:\/\/anacecilia.digital\/en\/author\/#breadcrumb","itemListElement":[{"@type":"ListItem","position":1,"name":"In\u00edcio","item":"https:\/\/anacecilia.digital\/en\/"},{"@type":"ListItem","position":2,"name":"About Ana"}]},{"@type":"WebSite","@id":"https:\/\/anacecilia.digital\/en\/#website","url":"https:\/\/anacecilia.digital\/en\/","name":"Tropical Philosophy","description":"A Brazilian blog by Ana Cecilia Rocha Veiga","publisher":{"@id":"https:\/\/anacecilia.digital\/en\/#\/schema\/person\/259742b7a62344d06be93e199436eabe"},"potentialAction":[{"@type":"SearchAction","target":{"@type":"EntryPoint","urlTemplate":"https:\/\/anacecilia.digital\/en\/?s={search_term_string}"},"query-input":{"@type":"PropertyValueSpecification","valueRequired":true,"valueName":"search_term_string"}}],"inLanguage":"en-GB"},{"@type":["Person","Organization"],"@id":"https:\/\/anacecilia.digital\/en\/#\/schema\/person\/259742b7a62344d06be93e199436eabe","name":"Ana Cecilia Rocha Veiga","image":{"@type":"ImageObject","inLanguage":"en-GB","@id":"https:\/\/anacecilia.digital\/en\/wp-content\/uploads\/2021\/04\/ana-cecilia-rocha-veiga-mmgerdau1.jpg","url":"https:\/\/anacecilia.digital\/en\/wp-content\/uploads\/2021\/04\/ana-cecilia-rocha-veiga-mmgerdau1.jpg","contentUrl":"https:\/\/anacecilia.digital\/en\/wp-content\/uploads\/2021\/04\/ana-cecilia-rocha-veiga-mmgerdau1.jpg","width":645,"height":900,"caption":"Ana Cecilia Rocha Veiga"},"logo":{"@id":"https:\/\/anacecilia.digital\/en\/wp-content\/uploads\/2021\/04\/ana-cecilia-rocha-veiga-mmgerdau1.jpg"},"description":"Ana Cecilia is a professor at UFMG University in Brazil. She researches inclusive management and ICT for museums, libraries, and archives. Ana lives in Belo Horizonte with her husband, Alberto, and their two children. She loves reading, drawing, hiking, and travelling.","sameAs":["https:\/\/anacecilia.digital\/en\/"]}]}},"_links":{"self":[{"href":"https:\/\/anacecilia.digital\/en\/wp-json\/wp\/v2\/pages\/9024","targetHints":{"allow":["GET"]}}],"collection":[{"href":"https:\/\/anacecilia.digital\/en\/wp-json\/wp\/v2\/pages"}],"about":[{"href":"https:\/\/anacecilia.digital\/en\/wp-json\/wp\/v2\/types\/page"}],"author":[{"embeddable":true,"href":"https:\/\/anacecilia.digital\/en\/wp-json\/wp\/v2\/users\/1"}],"replies":[{"embeddable":true,"href":"https:\/\/anacecilia.digital\/en\/wp-json\/wp\/v2\/comments?post=9024"}],"version-history":[{"count":78,"href":"https:\/\/anacecilia.digital\/en\/wp-json\/wp\/v2\/pages\/9024\/revisions"}],"predecessor-version":[{"id":15893,"href":"https:\/\/anacecilia.digital\/en\/wp-json\/wp\/v2\/pages\/9024\/revisions\/15893"}],"wp:featuredmedia":[{"embeddable":true,"href":"https:\/\/anacecilia.digital\/en\/wp-json\/wp\/v2\/media\/13054"}],"wp:attachment":[{"href":"https:\/\/anacecilia.digital\/en\/wp-json\/wp\/v2\/media?parent=9024"}],"curies":[{"name":"wp","href":"https:\/\/api.w.org\/{rel}","templated":true}]}}